{"id":103383,"date":"2023-06-22T14:57:23","date_gmt":"2023-06-22T12:57:23","guid":{"rendered":"https:\/\/www.pronokal.com\/es\/?page_id=103383"},"modified":"2023-06-22T15:25:10","modified_gmt":"2023-06-22T13:25:10","slug":"politica-de-privacidad-canal-de-denuncias","status":"publish","type":"page","link":"https:\/\/www.pronokal.com\/es\/politica-de-privacidad-canal-de-denuncias\/","title":{"rendered":"Pol\u00edtica de privacidad Canal de Denuncias"},"content":{"rendered":"\t\t<div data-elementor-type=\"wp-post\" data-elementor-id=\"103383\" class=\"elementor elementor-103383\" data-elementor-post-type=\"page\">\n\t\t\t\t\t\t<section class=\"elementor-section elementor-top-section elementor-element elementor-element-9806ab4 elementor-section-boxed elementor-section-height-default elementor-section-height-default\" data-id=\"9806ab4\" data-element_type=\"section\">\n\t\t\t\t\t\t<div class=\"elementor-container elementor-column-gap-default\">\n\t\t\t\t\t<div class=\"elementor-column elementor-col-100 elementor-top-column elementor-element elementor-element-da0f975\" data-id=\"da0f975\" data-element_type=\"column\">\n\t\t\t<div class=\"elementor-widget-wrap elementor-element-populated\">\n\t\t\t\t\t\t<div class=\"elementor-element elementor-element-2bfabcd elementor-widget elementor-widget-heading\" data-id=\"2bfabcd\" data-element_type=\"widget\" data-widget_type=\"heading.default\">\n\t\t\t\t<div class=\"elementor-widget-container\">\n\t\t\t\t\t<h1 class=\"elementor-heading-title elementor-size-large\">AVISO DE PRIVACIDAD<br>SEGUNDA CAPA \u201cSPEAK UP\u201d<\/h1>\t\t\t\t<\/div>\n\t\t\t\t<\/div>\n\t\t\t\t\t<\/div>\n\t\t<\/div>\n\t\t\t\t\t<\/div>\n\t\t<\/section>\n\t\t\t\t<section class=\"elementor-section elementor-top-section elementor-element elementor-element-6c79a64 elementor-section-boxed elementor-section-height-default elementor-section-height-default\" data-id=\"6c79a64\" data-element_type=\"section\">\n\t\t\t\t\t\t<div class=\"elementor-container elementor-column-gap-default\">\n\t\t\t\t\t<div class=\"elementor-column elementor-col-16 elementor-top-column elementor-element elementor-element-1933392\" data-id=\"1933392\" data-element_type=\"column\">\n\t\t\t<div class=\"elementor-widget-wrap\">\n\t\t\t\t\t\t\t<\/div>\n\t\t<\/div>\n\t\t\t\t<div class=\"elementor-column elementor-col-66 elementor-top-column elementor-element elementor-element-698c140\" data-id=\"698c140\" data-element_type=\"column\">\n\t\t\t<div class=\"elementor-widget-wrap elementor-element-populated\">\n\t\t\t\t\t\t<div class=\"elementor-element elementor-element-3fca405 elementor-widget elementor-widget-text-editor\" data-id=\"3fca405\" data-element_type=\"widget\" data-widget_type=\"text-editor.default\">\n\t\t\t\t<div class=\"elementor-widget-container\">\n\t\t\t\t\t\t\t\t\t<p><strong>INFORMACI\u00d3N ADICIONAL Y DETALLADA SOBRE PROTECCI\u00d3N DE DATOS<\/strong><\/p><p>\u00a0<\/p><p><strong>\u00bfQui\u00e9n es el responsable del tratamiento de sus datos?<\/strong><\/p><p>Los corresponsables de los datos personales que nos facilite o que obtengamos por otras v\u00edas son:<\/p><ul><li><strong>Pronokal Health Group, S.L.U.<\/strong> con C.I.F. n\u00ba B66862749, domiciliada en Barcelona, C\/ Roger de Ll\u00faria, 59, 08009, inscrita en el registrada en el Registro Mercantil de Barcelona, en la hoja B498692, tel\u00e9fono 93.183.33.00 y direcci\u00f3n de correo electr\u00f3nico <a href=\"mailto:dpo@pronokalgroup.com\">dpo@pronokalgroup.com<\/a>.<\/li><li><strong>Nestl\u00e9 Espa\u00f1a, S.A.U.<\/strong> con C.I.F. n\u00ba A-08005449, domiciliada en Esplugues de Llobregat (Barcelona), C\/ Clara Campoamor, 2, 08950, inscrita en el Registro Mercantil de Barcelona, en el tomo 44824, folio 145, hoja B-19573, tel\u00e9fono 93.480.51.00, tel\u00e9fono de atenci\u00f3n al cliente 900.112.131 y direcci\u00f3n de correo electr\u00f3nico <a href=\"mailto:protecciondedatos@nestle.es\">protecciondedatos@nestle.es<\/a>.<\/li><\/ul><p>\u00a0<\/p><p>\u00a0<\/p><p>De conformidad con lo establecido en el art\u00edculo 37 (2) y (7) del Reglamento General de Protecci\u00f3n de Datos (EU) 2016\/679, Pronokal ha designado un Delegado de Protecci\u00f3n de Datos para el conjunto de sociedades y entidades del Grupo Pronokal, con sede en Barcelona, incluyendo a todas las compa\u00f1\u00edas que operan localmente y, en particular a la otra sociedad del grupo: <strong>PNK Diet, S.L.U.<\/strong> Puede acceder al delegado en la direcci\u00f3n de correo electr\u00f3nico: <a href=\"mailto:dpo@pronokalgroup.com\">dpo@pronokalgroup.com<\/a>, dirigiendo un escrito a la raz\u00f3n social de Pronokal.<\/p><p>\u00a0<\/p><p><strong>\u00a0<\/strong><\/p><p><strong>\u00bfCon qu\u00e9 finalidades trataremos sus datos personales? <\/strong><\/p><p>Trataremos los datos personales que nos proporcione en su denuncia y\/o que un tercero ha proporcionado sobre Usted con la <strong>finalidad<\/strong> de <strong>(i)<\/strong> <strong>gestionar y\/o tramitar la denuncia presentada en el canal de consultas y denuncias en materia de \u00c9tica Empresarial y Compliance de Pronokal<\/strong>, as\u00ed como <strong>(ii) llevar a cabo todas las actuaciones necesarias para la debida investigaci\u00f3n de los hechos denunciados <\/strong>(lo que incluye dar tr\u00e1mite a cualquier procedimiento vinculado a los hechos denunciados tal como procedimientos disciplinarios, judiciales u otros).<\/p><p>\u00a0<\/p><p><strong>\u00bfCu\u00e1l es la legitimaci\u00f3n para el tratamiento de sus datos?<\/strong><\/p><p>La <strong>base legal<\/strong> para el tratamiento de sus datos es la existencia de una <strong>obligaci\u00f3n legal<\/strong> para la gesti\u00f3n de un sistema interno de informaci\u00f3n, de conformidad con el art\u00edculo 6.1.c) del Reglamento General de Protecci\u00f3n de Datos (el \u201c<strong>RGPD<\/strong>\u201d). Dicha obligaci\u00f3n legal surge de lo dispuesto en los art\u00edculos 30.2 y 10 de la Ley 2\/2023, de 20 de febrero, reguladora de la protecci\u00f3n de las personas que informen sobre infracciones normativas y de lucha contra la corrupci\u00f3n (la \u201c<strong>Ley 2\/2023<\/strong>\u201d).<\/p><p>\u00a0<\/p><p>En el caso de que, excepcionalmente, Ud. proporcione o se hayan proporcionado datos categorizados por la normativa de protecci\u00f3n de datos como \u201ccategor\u00edas especiales de datos\u201d (es decir, datos relativos a creencias religiosas, origen \u00e9tnico o racial, opiniones pol\u00edticas o relativos a la orientaci\u00f3n sexual, entre otros), \u00e9stos <u>s\u00f3lo se conservar\u00e1n si son relevantes y necesarios en el contexto de la conducta denunciada a trav\u00e9s del sistema<\/u>. En dicho caso, estos datos ser\u00e1n tratados por raz\u00f3n de un <strong>inter\u00e9s p\u00fablico esencial<\/strong>, de conformidad con lo dispuesto en los art\u00edculos 9.2.g) del RGPD y 30 de la Ley 2\/2023.<\/p><p>\u00a0<\/p><p><strong>\u00a0<\/strong><\/p><p><strong>\u00bfPor cu\u00e1nto tiempo conservaremos sus datos?<\/strong><\/p><p>Los datos personales ser\u00e1n tratados hasta la finalizaci\u00f3n del procedimiento de investigaci\u00f3n y\/o resoluci\u00f3n de su denuncia, lo que puede incluir el plazo necesario para la debida tramitaci\u00f3n de procedimientos vinculados a la denuncia como procedimientos disciplinarios, judiciales u otros. Tras la finalizaci\u00f3n de dichos procedimientos, los datos ser\u00e1n conservados debidamente bloqueados para la atenci\u00f3n de posibles responsabilidades legales o contractuales que pudieran surgir.<\/p><p>\u00a0<\/p><p>En el caso de que <u>su denuncia no sea tramitada<\/u>, se proceder\u00e1 a anonimizar la denuncia, sin que se proceda a conservar los datos debidamente bloqueados.<\/p><p>\u00a0<\/p><p><strong>\u00bfExisten decisiones automatizadas, incluida la elaboraci\u00f3n de perfiles?<\/strong><\/p><p>Actualmente, los corresponsables no adoptan decisiones automatizadas o decisiones individualizadas totalmente autom\u00e1ticas, incluida la elaboraci\u00f3n de perfiles de personalidad, que tengan efectos jur\u00eddicos notorios sobre usted o le afecten significativamente de modo similar, esto es, ejerciendo una influencia en sus circunstancias, comportamiento o preferencias.<\/p><p>\u00a0<\/p><p>\u00a0<\/p><p><strong>\u00bfA qu\u00e9 destinatarios se comunicar\u00e1n sus datos?<\/strong><\/p><p>Los datos personales de los interesados \u00fanicamente se comunicar\u00e1n a los siguientes terceros:<\/p><ul><li>A otras empresas y entidades del grupo Pronokal, con fines administrativos internos y\/o para la adecuada coordinaci\u00f3n y mejor desempe\u00f1o de las funciones, de conformidad con el art\u00edculo 11 de la Ley 2\/2023.<\/li><li>Los proveedores de Pronokal, como encargados del tratamiento, en el marco de la correspondiente prestaci\u00f3n de servicios (servicios generales de gesti\u00f3n documental, paqueter\u00eda y entregas, auditores, destrucci\u00f3n de documentaci\u00f3n\/informaci\u00f3n, y prestadores de servicios de tecnolog\u00edas de la informaci\u00f3n \u2015p. ej., alojamiento de datos y servicio de correo electr\u00f3nico o gesti\u00f3n del sistema de informaci\u00f3n\u2015).<\/li><li>Las autoridades judiciales, Ministerio Fiscal o autoridades administrativas, en la medida necesaria para el cumplimiento de obligaciones legales o para la iniciaci\u00f3n y\/o tramitaci\u00f3n de los procedimientos sancionadores o penales que, en su caso, procedan.<\/li><li>A otras compa\u00f1\u00edas o entidades con las que Pronokal haya concertado una o varias operaciones mercantiles distintas de una fusi\u00f3n, escisi\u00f3n cesi\u00f3n global de activos y pasivos, aportaci\u00f3n o transmisi\u00f3n de negocio o rama de actividad, o cualquier otra operaci\u00f3n de reestructuraci\u00f3n societaria de an\u00e1loga naturaleza.<\/li><\/ul><p>\u00a0<\/p><p>En el caso de que <strong><u>Usted sea la persona que presenta la denuncia <\/u><\/strong>en el sistema, le informamos tambi\u00e9n de que, de conformidad con el art\u00edculo 31.1. de la Ley 2\/2023, <strong>su identidad ser\u00e1 en todo caso <u>reservada<\/u> y <u>no se comunicar\u00e1<\/u> a las personas a las que se refieren los hechos relatados ni a terceros<\/strong>, salvo en los casos expresamente indicados anteriormente.<\/p><p>\u00a0<\/p><p><strong>Transferencias Internacionales de datos<\/strong><\/p><p>Con car\u00e1cter general, no est\u00e1n previstas las transferencias de datos personales fuera de la Uni\u00f3n Europea, o de los pa\u00edses y territorios a los que se reconoce un nivel adecuado de protecci\u00f3n.<\/p><p>\u00a0<\/p><p>En el caso de que, excepcionalmente, se prevea llevar a cabo alguna transferencia de datos a alg\u00fan otro destinatario situado fuera de la Uni\u00f3n Europea o de los pa\u00edses y entidades mencionados en el apartado anterior, \u00e9ste s\u00f3lo se llevar\u00e1 a cabo aplicando las garant\u00edas adecuadas o apropiadas que resultan de aplicaci\u00f3n (por ejemplo, de los instrumentos jur\u00eddicamente vinculantes, como las Cl\u00e1usulas Contractuales Tipo o las normas corporativas vinculantes del Grupo Nestl\u00e9) y de los medios para obtener una copia de unos y otros.<\/p><p>\u00a0<\/p><p><strong>\u00bfCu\u00e1les son sus derechos cuando nos facilita sus datos?<\/strong><\/p><p>En atenci\u00f3n a la especial naturaleza del tratamiento en cuesti\u00f3n, le informamos de que la normativa de protecci\u00f3n de datos le otorga los siguientes derechos:<\/p><p>\u00a0<\/p><p>\u00a0<\/p><table width=\"566\"><tbody><tr><td width=\"113\"><p><strong>Derecho de acceso:<\/strong>\u00a0<\/p><p>\u00a0<\/p><\/td><td width=\"453\"><p>Tiene derecho a <strong>acceder<\/strong> a los datos personales que Nestl\u00e9 y\/o Pronokal hayan recabado sobre usted y que le conciernan, y a ejercer dicho derecho con facilidad y a intervalos razonables, con el fin de conocer y verificar la licitud del tratamiento.\u00a0\u00a0<\/p><\/td><\/tr><tr><td width=\"113\"><p><strong>Derecho de rectificaci\u00f3n:<\/strong>\u00a0<\/p><\/td><td width=\"453\"><p>Tiene derecho a que se <strong>rectifiquen<\/strong> sus datos personales inexactos, y podr\u00e1 solicitar que se completen los que sean incompletos.\u00a0<\/p><\/td><\/tr><tr><td width=\"113\"><p><strong>Derecho de supresi\u00f3n:<\/strong>\u00a0<\/p><p>\u00a0<\/p><\/td><td width=\"453\"><p>Tiene derecho a que sus datos personales <strong>se supriman <\/strong>y dejen de tratarse, por decisi\u00f3n propia (si ya no son necesarios para los fines para los que fueron recogidos).<\/p><\/td><\/tr><tr><td width=\"113\"><p><strong>Derecho de limitaci\u00f3n:<\/strong>\u00a0<\/p><p>\u00a0<\/p><\/td><td width=\"453\"><p>En determinadas circunstancias, podr\u00e1 solicitar la <strong>limitaci\u00f3n<\/strong> del tratamiento de sus datos, en cuyo caso \u00fanicamente los conservaremos para el ejercicio o la defensa de reclamaciones. El ejercicio de este derecho le otorga el derecho a limitar o restringir los fines para los que Nestl\u00e9 y\/o Pronokal pueden tratar los datos personales. El derecho se puede utilizar como una alternativa para exigir que se borren datos, o para solicitar que los datos se \u201ccongelen\u201d mientras se resuelven otras incidencias.\u00a0\u00a0<\/p><\/td><\/tr><\/tbody><\/table><p>\u00a0<\/p><p>\u00a0<\/p><p>Puede ejercitar en cualquier momento sus derechos, con las limitaciones indicadas anteriormente, as\u00ed como cualesquiera otras que pudieran ser de aplicaci\u00f3n, identific\u00e1ndose debidamente y dirigi\u00e9ndose a nosotros a trav\u00e9s del <strong>Canal Speak Up<\/strong>, <u>utilizando el n\u00famero de identificaci\u00f3n de caso al que se refiera<\/u> o <u>iniciando un nuevo caso para ello<\/u>.<\/p><p>\u00a0<\/p><p>Adicionalmente, en el caso de <u>empleados de Pronokal<\/u>, podr\u00e1n <strong>contactar directamente con el Compliance Manager del Grupo Pronokal en Espa\u00f1a<\/strong> para solicitar el ejercicio de sus derechos de protecci\u00f3n de datos.<\/p><p>\u00a0<\/p><p>Recuerde que, en cualquier caso, utilizaremos todas las medidas razonables para <strong>verificar su identidad<\/strong>.<\/p><p>\u00a0<\/p><p>Tambi\u00e9n tendr\u00e1 derecho a presentar una reclamaci\u00f3n ante la autoridad de protecci\u00f3n de datos competente (la Agencia Espa\u00f1ola de Protecci\u00f3n de Datos) si considera vulnerados sus derechos.<\/p><p>\u00a0<\/p><p>\u00a0<\/p><p>\u00a9 &#8211;\u00a0\u00a0\u00a0\u00a0\u00a0\u00a0\u00a0 Pronokal Health Group, S.L.U.<\/p><p>22 de junio de 2023<\/p>\t\t\t\t\t\t\t\t<\/div>\n\t\t\t\t<\/div>\n\t\t\t\t\t<\/div>\n\t\t<\/div>\n\t\t\t\t<div class=\"elementor-column elementor-col-16 elementor-top-column elementor-element elementor-element-2446eea\" data-id=\"2446eea\" data-element_type=\"column\">\n\t\t\t<div class=\"elementor-widget-wrap\">\n\t\t\t\t\t\t\t<\/div>\n\t\t<\/div>\n\t\t\t\t\t<\/div>\n\t\t<\/section>\n\t\t\t\t<\/div>\n\t\t","protected":false},"excerpt":{"rendered":"AVISO DE PRIVACIDADSEGUNDA CAPA \u201cSPEAK UP\u201d INFORMACI\u00d3N ADICIONAL Y DETALLADA SOBRE PROTECCI\u00d3N DE DATOS \u00a0 \u00bfQui\u00e9n es el responsable del tratamiento de sus datos? Los corresponsables de los datos personales que nos facilite o que obtengamos por otras v\u00edas son: Pronokal Health Group, S.L.U. con C.I.F. n\u00ba B66862749, domiciliada en Barcelona, C\/ Roger de Ll\u00faria, [&hellip;]","protected":false},"author":27,"featured_media":0,"parent":0,"menu_order":0,"comment_status":"closed","ping_status":"closed","template":"","meta":{"footnotes":""},"class_list":["post-103383","page","type-page","status-publish","hentry"],"acf":[],"amp_enabled":true,"_links":{"self":[{"href":"https:\/\/www.pronokal.com\/es\/wp-json\/wp\/v2\/pages\/103383","targetHints":{"allow":["GET"]}}],"collection":[{"href":"https:\/\/www.pronokal.com\/es\/wp-json\/wp\/v2\/pages"}],"about":[{"href":"https:\/\/www.pronokal.com\/es\/wp-json\/wp\/v2\/types\/page"}],"author":[{"embeddable":true,"href":"https:\/\/www.pronokal.com\/es\/wp-json\/wp\/v2\/users\/27"}],"replies":[{"embeddable":true,"href":"https:\/\/www.pronokal.com\/es\/wp-json\/wp\/v2\/comments?post=103383"}],"version-history":[{"count":11,"href":"https:\/\/www.pronokal.com\/es\/wp-json\/wp\/v2\/pages\/103383\/revisions"}],"predecessor-version":[{"id":103400,"href":"https:\/\/www.pronokal.com\/es\/wp-json\/wp\/v2\/pages\/103383\/revisions\/103400"}],"wp:attachment":[{"href":"https:\/\/www.pronokal.com\/es\/wp-json\/wp\/v2\/media?parent=103383"}],"curies":[{"name":"wp","href":"https:\/\/api.w.org\/{rel}","templated":true}]}}